{"id":198412,"date":"2025-10-30T10:44:59","date_gmt":"2025-10-30T10:44:59","guid":{"rendered":"https:\/\/paramon.de\/?post_type=product&#038;p=198412"},"modified":"2025-10-30T10:44:59","modified_gmt":"2025-10-30T10:44:59","slug":"medien-und-kunsteinblicke-2023-d-b-h","status":"publish","type":"product","link":"https:\/\/paramon.de\/ch\/produkt\/medien-und-kunsteinblicke-2023-d-b-h\/","title":{"rendered":"Medien- und Kunsteinblicke 2023 (D.B.H)"},"content":{"rendered":"","protected":false},"excerpt":{"rendered":"<p>Jahrelang wurde in der Abgeschiedenheit auf einem Gebiet besonderer Anomalien in Utha \/ USA geforscht und die Ergebnisse davon blieben unter Verschluss. Seit 2016 besch\u00e4ftigte sich dort unter Sicherheitsbedingungen ein neues Vorschungsteam, das mit Kamerat\u00e4tigkeit begleitet wurde.<span class=\"Apple-converted-space\">\u00a0<\/span><\/p>\n<p>Die dort mit moderner Technik ausgestattete wissenschaftliche Untersuchungsarbeit wurde somit andeutungsweise f\u00fcr eine TV-Serie festgehalten und erstmalig in deutscher Bearbeitung 2023 in Free-TV europaweit gezeigt.<\/p>\n<p>Eine Ausstellungseinf\u00fchrung im Zentrum Berlins am Kulturforum pr\u00e4sentierte erg\u00e4nzend 2023 dazu eine Dokumentation, in der von Fachleuten begleitet, \u00fcber Dinge \u00f6ffentlich referiert wurde (Prof. Dr.-Ing. Hakan Kayal), die nun auch in Zukunft uns alle als m\u00f6gliche und zus\u00e4tzliche Unw\u00e4gbarkeiten betreffen k\u00f6nnten. UFO-(UAP\/USO) sind real anerkannt.<\/p>\n<p>Forschungen bei Ausgrabungen und der Nachklang zum einstigen Opfergang in Jerusalem, sowie Untersuchungen durch Dokus auch zum gegenw\u00e4rtigen Kriegsdrama in Europa werden dargelegt. Aufgezeigt werden die Verdienste eines gefragten Filmsch\u00f6pfers (S. Spielberg). Leider kommen wir in diesem Zusammenhang auch wieder nicht um die dunkle Geschichte des einstigen \u201eGro\u00dfdeutschland\u201c (Abbildungen im Photomuseum) herum.<span class=\"Apple-converted-space\">\u00a0<\/span><\/p>\n<p>Drei herausragende neue Filme (\u201eDas Lehrerzimmer\u201c&#8230;) sollten hier nicht unerw\u00e4hnt bleiben und k\u00fcnstlerische Architekturh\u00f6hepunkte, die noch heute bewundenswert sind, haben informative Hintergr\u00fcnde, die man so bisher nicht kannte (Chambord und Saint-Michel in Frankreich). <span class=\"Apple-converted-space\">\u00a0<\/span><\/p>\n<p>In der Hauptstadt wurden neue Museen von beachtlicher Intensit\u00e4t als sehenswert durchstreift.<\/p>\n<p>Wer waren Berichterstatter wie Steve McCurry, Anja Niedringhaus und warum verschlug uns alle der Film \u00fcber Srebrenica (\u201eAida&#8230;\u201c), der durch die Kooperation von acht L\u00e4ndern mit ersch\u00fctternder Handlung erstellt wurde, den Atem? Einfach auch weil in nachhinein die Hauptschuldigen zurecht einen \u00f6ffentlichen Prozess erhielten und abgeurteilt wurden.<\/p>\n<p>China begreifen wir als einen gro\u00dfen, ernstzunehmenden (nach Dokus) zuk\u00fcnftigen Faktor; eine gewagte ausf\u00fchrliche und lange Oppenheimerverfilmung \u00fcber die einstige erste geheime Atombombenentwicklung in Los Alamos\/USA, h\u00e4tte auch k\u00fcrzer ausfallen k\u00f6nnen und andere dortige Gestalten w\u00e4ren gleichgewichtig in einer Darstellung gewesen.<\/p>\n<p>Drei durch Kamerabegleitung entstandene Weltreisen, die in Serien ihre Ver\u00f6ffentlichung fanden, werden beschrieben und f\u00fchren durch ferne und abwechselungsreiche L\u00e4nder. Dabei bleiben als Filme \u201eSieben Jahre Tibet\u201c und \u201eEarthquke-Die Welt am Abgrund\u201c\/Rus\/Arm \u2013 mit den Erdbebenopfern in bleibender Erinnerung. <span class=\"Apple-converted-space\">\u00a0<\/span><\/p>\n<p>Hier holte uns wieder \u201eMaischberger\u201c aber auch als \u201eZwischent\u00f6ne\u201c des DF der bekannte TV-Wettermoderator \u00d6zeden Terli mit seinen Andeutungen zu den erwartbaren und weiteren<\/p>\n<p>Umschw\u00fcngen wieder ein.<\/p>\n<p>Die Berlinische Galerie zeigte 2023 K\u00fcnstler mit aufr\u00fcttelnden Darstellungen \u00fcber die \u00fcblen menschlichen Fu\u00dfabdr\u00fccke, die augenblicklich \u00fcberall hinterlassen werden.<\/p>\n<p>Die \u201eHall of Fame\u201c zeichnete auch in diesem Jahr 2023 wieder Musik der Unverg\u00e4nglichkeit aus und die \u201eGrandbrothers\u201c gaben im K\u00f6lner Dom ihr Bestes zu Geh\u00f6r (\u201earte\u201c-TV).<span class=\"Apple-converted-space\">\u00a0<\/span><\/p>\n<p>Gedenken flie\u00dfen noch an drei Verstorbene aus dem engen Bekanntenkreis hier ein.<\/p>\n<p>Verg\u00e4nglichkeiten&amp;Zuversicht vermitteln Photos, die bisherige Zeiten veranschaulichen.<\/p>\n<p>Ein Anhang vermittelt Photos aus einer TV-Sendeung \u00fcber \u201eWahrheit oder Fakes?\u201c (\u201eTele5\u201c-TV). <span class=\"Apple-converted-space\">\u00a0<\/span><\/p>\n<p>Mitwirkende bei der UFO-Veranstaltung Berlin 2023 waren:<\/p>\n<p>Andreas M\u00fcller Autor von \u201eDeutschlands UFO-Akten\u201c (24.08.2023), sowie Prof. Dr.-Ing. Hakan Kayal und Prof. Dr. Heike Rauer vom DLR-Raumfahrt Berlin.<\/p>\n<p>&nbsp;<\/p>\n<p>&nbsp;<\/p>\n<p>Medien- und Kunsteinblicke 2023, D.B.H., Taschenbuch, 152 Seite, 15\u20ac<\/p>\n<p><span class=\"Apple-converted-space\">\u00a0\u00a0 \u00a0 \u00a0<\/span><\/p>","protected":false},"featured_media":198413,"comment_status":"open","ping_status":"closed","template":"","meta":{"_acf_changed":false},"product_brand":[],"product_cat":[223],"product_tag":[],"class_list":["post-198412","product","type-product","status-publish","has-post-thumbnail","product_cat-sachbuch","first","instock","taxable","shipping-taxable","purchasable","product-type-simple"],"acf":[],"_links":{"self":[{"href":"https:\/\/paramon.de\/ch\/wp-json\/wp\/v2\/product\/198412","targetHints":{"allow":["GET"]}}],"collection":[{"href":"https:\/\/paramon.de\/ch\/wp-json\/wp\/v2\/product"}],"about":[{"href":"https:\/\/paramon.de\/ch\/wp-json\/wp\/v2\/types\/product"}],"replies":[{"embeddable":true,"href":"https:\/\/paramon.de\/ch\/wp-json\/wp\/v2\/comments?post=198412"}],"wp:featuredmedia":[{"embeddable":true,"href":"https:\/\/paramon.de\/ch\/wp-json\/wp\/v2\/media\/198413"}],"wp:attachment":[{"href":"https:\/\/paramon.de\/ch\/wp-json\/wp\/v2\/media?parent=198412"}],"wp:term":[{"taxonomy":"product_brand","embeddable":true,"href":"https:\/\/paramon.de\/ch\/wp-json\/wp\/v2\/product_brand?post=198412"},{"taxonomy":"product_cat","embeddable":true,"href":"https:\/\/paramon.de\/ch\/wp-json\/wp\/v2\/product_cat?post=198412"},{"taxonomy":"product_tag","embeddable":true,"href":"https:\/\/paramon.de\/ch\/wp-json\/wp\/v2\/product_tag?post=198412"}],"curies":[{"name":"wp","href":"https:\/\/api.w.org\/{rel}","templated":true}]}}