{"id":914,"date":"2016-03-26T15:14:55","date_gmt":"2016-03-26T15:14:55","guid":{"rendered":"https:\/\/paramonde.wpengine.com\/?page_id=914"},"modified":"2026-07-10T14:12:46","modified_gmt":"2026-07-10T14:12:46","slug":"wir-veroeffentlichen-ihr-buch","status":"publish","type":"page","link":"https:\/\/paramon.de\/at\/","title":{"rendered":"Verlag"},"content":{"rendered":"<div class=\"wpb-content-wrapper\"><div class=\"vc-row-container container\"><div class=\"vc_row wpb_row vc_row-fluid\"><div class=\"wpb_column vc_column_container vc_col-sm-12\"><div class=\"vc_column-inner\"><div class=\"wpb_wrapper\">\n\t<div class=\"wpb_raw_code wpb_raw_html wpb_content_element\" >\n\t\t<div class=\"wpb_wrapper\">\n\t\t\t<div class=\"pjnt-box\" style=\"background-color: #ffffff;\"><div class=\"pjnt-content\" data-gap=\"true\" data-speed=\"75\" style=\"font-size: 100%;\"><span class=\"pjnt-item\">943 Autorinnen &amp; Autoren<\/a><\/span><span class=\"pjnt-item\">Bine Paulis Buch \u00bbLou\u00ab zu einem der sch\u00f6nsten Kinderb\u00fccher Deutschlands gek\u00fcrt<\/a><\/span><span class=\"pjnt-item\">Corinna Meier ver\u00f6ffentlicht 7 B\u00fccher (\u00bbKristallfreunde\u00ab)<\/a><\/span><span class=\"pjnt-item\">Japanischer Bestseller \u00bbWarum leben wir\u00ab bei uns nun auch auf Deutsch<\/a><\/span><span class=\"pjnt-item\">Zwei B\u00fccher von R. H. Knigge zum Thema \u00bbMelatonin\u00ab erschienen<\/a><\/span><\/div><\/div>\n\t\t<\/div>\n\t<\/div>\n\n\t<div  class=\"wpb_single_image wpb_content_element vc_align_center wpb_content_element\">\n\t\t\n\t\t<figure class=\"wpb_wrapper vc_figure\">\n\t\t\t<a href=\"https:\/\/paramon.de\/at\/product\/mewofuka-pluma-aurea\/\" target=\"_blank\" class=\"vc_single_image-wrapper   vc_box_border_grey\"><img loading=\"lazy\" decoding=\"async\" width=\"2560\" height=\"1024\" src=\"https:\/\/paramon.de\/wp-content\/uploads\/2025\/12\/Buch-veroeffentlichen-Paramon-Verlag-scaled.jpg\" class=\"vc_single_image-img attachment-full\" alt=\"Buch ver\u00f6ffentlichen Paramon-Verlag\" title=\"Buch ver\u00f6ffentlichen Paramon-Verlag\" srcset=\"https:\/\/paramon.de\/wp-content\/uploads\/2025\/12\/Buch-veroeffentlichen-Paramon-Verlag-scaled.jpg 2560w, https:\/\/paramon.de\/wp-content\/uploads\/2025\/12\/Buch-veroeffentlichen-Paramon-Verlag-300x120.jpg 300w, https:\/\/paramon.de\/wp-content\/uploads\/2025\/12\/Buch-veroeffentlichen-Paramon-Verlag-1024x410.jpg 1024w, https:\/\/paramon.de\/wp-content\/uploads\/2025\/12\/Buch-veroeffentlichen-Paramon-Verlag-768x307.jpg 768w, https:\/\/paramon.de\/wp-content\/uploads\/2025\/12\/Buch-veroeffentlichen-Paramon-Verlag-1536x615.jpg 1536w, https:\/\/paramon.de\/wp-content\/uploads\/2025\/12\/Buch-veroeffentlichen-Paramon-Verlag-2048x819.jpg 2048w, https:\/\/paramon.de\/wp-content\/uploads\/2025\/12\/Buch-veroeffentlichen-Paramon-Verlag-18x7.jpg 18w, https:\/\/paramon.de\/wp-content\/uploads\/2025\/12\/Buch-veroeffentlichen-Paramon-Verlag-820x328.jpg 820w\" sizes=\"auto, (max-width: 2560px) 100vw, 2560px\" \/><\/a>\n\t\t<\/figure>\n\t<\/div>\n<\/div><\/div><\/div><\/div><\/div><div class=\"vc-row-container container\"><div class=\"vc_row wpb_row vc_row-fluid vc_custom_1679950612998\"><div class=\"wpb_column vc_column_container vc_col-sm-2\"><div class=\"vc_column-inner vc_custom_1679741841957\"><div class=\"wpb_wrapper\"><\/div><\/div><\/div><div class=\"wpb_column vc_column_container vc_col-sm-8\"><div class=\"vc_column-inner\"><div class=\"wpb_wrapper\">\n\t<div class=\"wpb_text_column wpb_content_element\" >\n\t\t<div class=\"wpb_wrapper\">\n\t\t\t<h2 style=\"text-align: center;\">Der starke <span style=\"color: #a08962;\">Partner<\/span> an Ihrer Seite.<\/h2>\n<p style=\"text-align: center;\">Die Buchexperten vom Paramon-Verlag<\/p>\n<p style=\"text-align: center;\">Gute Autoren m\u00fcssen nicht auch gute Lektoren, Buchsetzer, Grafiker, Vertriebsmitarbeiter oder Werbefachleute sein. Wir unterst\u00fctzen Sie als Partner und bringen Know-How, Erfahrungen und Verbindungen in Ihr Buchprojekt ein. Unsere pers\u00f6nlichen Autorenbetreuer begleiten Sie durch das gesamte Buchprojekt und dar\u00fcber hinaus. Gemeinsam arbeiten wir so am Erfolg Ihres Buches und E-Books. Willkommen bei den Buchexperten vom Paramon-Verlag!<\/p>\n\n\t\t<\/div>\n\t<\/div>\n\n\t<div class=\"wpb_text_column wpb_content_element vc_custom_1679742515713\" >\n\t\t<div class=\"wpb_wrapper\">\n\t\t\t<h4 style=\"text-align: center;\">Jetzt Manuskript einsenden<\/h4>\n<p style=\"text-align: center;\">Wir pr\u00fcfen es kostenfrei \u2013 innerhalb von 14 Tagen erhalten Sie die Zusage.<\/p>\n\n\t\t<\/div>\n\t<\/div>\n<style>.vc_btn3-style-gradient-custom.vc_btn-gradient-btn-6a95b2c35744b:hover{color: #745521;background-color: #ffc666;border: none;background-position: 100% 0;}<\/style><style>.vc_btn3-style-gradient-custom.vc_btn-gradient-btn-6a95b2c35744b{color: #745521;border: none;background-color: #ffa916;background-image: -webkit-linear-gradient(left, #ffa916 0%, #ffc666 50%,#ffa916 100%);background-image: linear-gradient(to right, #ffa916 0%, #ffc666 50%,#ffa916 100%);-webkit-transition: all .2s ease-in-out;transition: all .2s ease-in-out;background-size: 200% 100%;}<\/style><div class=\"vc_btn3-container vc_btn3-center vc_custom_1730367421357 vc_do_btn\" ><a data-vc-gradient-1=\"#ffa916\" data-vc-gradient-2=\"#ffc666\" class=\"vc_general vc_btn3 vc_btn3-size-sm vc_btn3-shape-rounded vc_btn3-style-gradient-custom vc_btn-gradient-btn-6a95b2c35744b\" href=\"https:\/\/paramon.de\/at\/manuskript-senden\/\" title=\"Manuskript einsenden\">Manuskript einsenden<\/a><\/div><\/div><\/div><\/div><div class=\"wpb_column vc_column_container vc_col-sm-2\"><div class=\"vc_column-inner\"><div class=\"wpb_wrapper\"><\/div><\/div><\/div><\/div><\/div><div class=\"vc-row-container container\"><div class=\"vc_row wpb_row vc_row-fluid vc_custom_1679937908581\"><div class=\"wpb_column vc_column_container vc_col-sm-12\"><div class=\"vc_column-inner\"><div class=\"wpb_wrapper\"><div class=\"vc_separator wpb_content_element vc_separator_align_center vc_sep_width_100 vc_sep_pos_align_center vc_sep_color_grey wpb_content_element vc_separator-has-text\" ><span class=\"vc_sep_holder vc_sep_holder_l\"><span class=\"vc_sep_line\"><\/span><\/span><h4>\u00dcber unsere Autorinnen und Autoren und ihre B\u00fccher berichteten u.a.<\/h4><span class=\"vc_sep_holder vc_sep_holder_r\"><span class=\"vc_sep_line\"><\/span><\/span>\n<\/div>\n\t<div  class=\"wpb_single_image wpb_content_element vc_align_center wpb_content_element\">\n\t\t\n\t\t<figure class=\"wpb_wrapper vc_figure\">\n\t\t\t<div class=\"vc_single_image-wrapper   vc_box_border_grey\"><img decoding=\"async\" class=\"vc_single_image-img\" src=\"https:\/\/paramon.de\/wp-content\/uploads\/2024\/10\/Paramon-Autoren-in-den-Medien-800x40.png\" width=\"800\" height=\"40\" alt=\"Paramon-Autoren in den Medien\" title=\"Paramon-Autoren in den Medien\" loading=\"lazy\" \/><\/div>\n\t\t<\/figure>\n\t<\/div>\n<\/div><\/div><\/div><\/div><\/div><div class=\"vc-row-container container\"><div class=\"vc_row wpb_row vc_row-fluid\"><div class=\"wpb_column vc_column_container vc_col-sm-12\"><div class=\"vc_column-inner\"><div class=\"wpb_wrapper\"><div class=\"vc_separator wpb_content_element vc_separator_align_center vc_sep_width_100 vc_sep_pos_align_center vc_separator_no_text vc_sep_color_grey wpb_content_element  wpb_content_element\" ><span class=\"vc_sep_holder vc_sep_holder_l\"><span class=\"vc_sep_line\"><\/span><\/span><span class=\"vc_sep_holder vc_sep_holder_r\"><span class=\"vc_sep_line\"><\/span><\/span>\n<\/div><div class=\"vc_empty_space\"   style=\"height: 50px\"><span class=\"vc_empty_space_inner\"><\/span><\/div><\/div><\/div><\/div><\/div><\/div><div class=\"vc-row-container container\"><div class=\"vc_row wpb_row vc_row-fluid\"><div class=\"wpb_column vc_column_container vc_col-sm-3\"><div class=\"vc_column-inner\"><div class=\"wpb_wrapper\"><\/div><\/div><\/div><div class=\"wpb_column vc_column_container vc_col-sm-6\"><div class=\"vc_column-inner\"><div class=\"wpb_wrapper\">\n\t<div class=\"wpb_text_column wpb_content_element\" >\n\t\t<div class=\"wpb_wrapper\">\n\t\t\t<h1 style=\"text-align: center;\">Wir sind <span style=\"color: #a08962;\">stolz<\/span> auf mehr als <span style=\"color: #a08962;\">900<\/span> Paramon-Autorinnen und Autoren<\/h1>\n<p style=\"text-align: center;\">Man muss keine etablierte Autorin oder ein bekannter Schriftsteller sein, um im Paramon-Verlag ver\u00f6ffentlichen zu k\u00f6nnen. Bei uns kommt jeder zu Wort, authentisch und ehrlich. Es gibt so viele Geschichten.<\/p>\n\n\t\t<\/div>\n\t<\/div>\n<\/div><\/div><\/div><div class=\"wpb_column vc_column_container vc_col-sm-3\"><div class=\"vc_column-inner\"><div class=\"wpb_wrapper\"><\/div><\/div><\/div><\/div><\/div><div class=\"vc-row-container container\"><div class=\"vc_row wpb_row vc_row-fluid\"><div class=\"wpb_column vc_column_container vc_col-sm-12\"><div class=\"vc_column-inner\"><div class=\"wpb_wrapper\">\n\t<div  class=\"wpb_single_image wpb_content_element vc_align_center wpb_content_element\">\n\t\t\n\t\t<figure class=\"wpb_wrapper vc_figure\">\n\t\t\t<a href=\"https:\/\/paramon.de\/at\/autoren-des-paramon-verlags\/\" target=\"_self\" class=\"vc_single_image-wrapper   vc_box_border_grey\"><img loading=\"lazy\" decoding=\"async\" width=\"2852\" height=\"820\" src=\"https:\/\/paramon.de\/wp-content\/uploads\/2024\/10\/Kinderbuch-veroeffentlichen-Verlag.png\" class=\"vc_single_image-img attachment-full\" alt=\"\" title=\"Kinderbuch ver\u00f6ffentlichen Verlag\" srcset=\"https:\/\/paramon.de\/wp-content\/uploads\/2024\/10\/Kinderbuch-veroeffentlichen-Verlag.png 2852w, https:\/\/paramon.de\/wp-content\/uploads\/2024\/10\/Kinderbuch-veroeffentlichen-Verlag-300x86.png 300w, https:\/\/paramon.de\/wp-content\/uploads\/2024\/10\/Kinderbuch-veroeffentlichen-Verlag-1024x294.png 1024w, https:\/\/paramon.de\/wp-content\/uploads\/2024\/10\/Kinderbuch-veroeffentlichen-Verlag-768x221.png 768w, https:\/\/paramon.de\/wp-content\/uploads\/2024\/10\/Kinderbuch-veroeffentlichen-Verlag-1536x442.png 1536w, https:\/\/paramon.de\/wp-content\/uploads\/2024\/10\/Kinderbuch-veroeffentlichen-Verlag-2048x589.png 2048w, https:\/\/paramon.de\/wp-content\/uploads\/2024\/10\/Kinderbuch-veroeffentlichen-Verlag-820x236.png 820w\" sizes=\"auto, (max-width: 2852px) 100vw, 2852px\" \/><\/a>\n\t\t<\/figure>\n\t<\/div>\n<div class=\"vc_empty_space\"   style=\"height: 50px\"><span class=\"vc_empty_space_inner\"><\/span><\/div><\/div><\/div><\/div><\/div><\/div><div class=\"vc-row-container container\"><div class=\"vc_row wpb_row vc_row-fluid\"><div class=\"wpb_column vc_column_container vc_col-sm-6\"><div class=\"vc_column-inner\"><div class=\"wpb_wrapper\">\n\t<div  class=\"wpb_single_image wpb_content_element vc_align_right wpb_content_element\">\n\t\t\n\t\t<figure class=\"wpb_wrapper vc_figure\">\n\t\t\t<div class=\"vc_single_image-wrapper   vc_box_border_grey\"><img loading=\"lazy\" decoding=\"async\" width=\"289\" height=\"300\" src=\"https:\/\/paramon.de\/wp-content\/uploads\/2023\/12\/978-3-03830-905-5-289x300.jpg\" class=\"vc_single_image-img attachment-medium\" alt=\"\" title=\"978-3-03830-905-5, Pauli, Lou\" srcset=\"https:\/\/paramon.de\/wp-content\/uploads\/2023\/12\/978-3-03830-905-5-289x300.jpg 289w, https:\/\/paramon.de\/wp-content\/uploads\/2023\/12\/978-3-03830-905-5-820x852.jpg 820w, https:\/\/paramon.de\/wp-content\/uploads\/2023\/12\/978-3-03830-905-5-985x1024.jpg 985w, https:\/\/paramon.de\/wp-content\/uploads\/2023\/12\/978-3-03830-905-5-768x798.jpg 768w, https:\/\/paramon.de\/wp-content\/uploads\/2023\/12\/978-3-03830-905-5-1478x1536.jpg 1478w, https:\/\/paramon.de\/wp-content\/uploads\/2023\/12\/978-3-03830-905-5-1970x2048.jpg 1970w, https:\/\/paramon.de\/wp-content\/uploads\/2023\/12\/978-3-03830-905-5-1612x1676.jpg 1612w, https:\/\/paramon.de\/wp-content\/uploads\/2023\/12\/978-3-03830-905-5-1116x1160.jpg 1116w, https:\/\/paramon.de\/wp-content\/uploads\/2023\/12\/978-3-03830-905-5-806x838.jpg 806w, https:\/\/paramon.de\/wp-content\/uploads\/2023\/12\/978-3-03830-905-5-558x580.jpg 558w, https:\/\/paramon.de\/wp-content\/uploads\/2023\/12\/978-3-03830-905-5-655x681.jpg 655w, https:\/\/paramon.de\/wp-content\/uploads\/2023\/12\/978-3-03830-905-5-600x624.jpg 600w\" sizes=\"auto, (max-width: 289px) 100vw, 289px\" \/><\/div>\n\t\t<\/figure>\n\t<\/div>\n<\/div><\/div><\/div><div class=\"wpb_column vc_column_container vc_col-sm-6\"><div class=\"vc_column-inner\"><div class=\"wpb_wrapper\"><div class=\"vc_empty_space\"   style=\"height: 50px\"><span class=\"vc_empty_space_inner\"><\/span><\/div>\n\t<div class=\"wpb_text_column wpb_content_element vc_custom_1730369576862\" >\n\t\t<div class=\"wpb_wrapper\">\n\t\t\t<h4 style=\"text-align: left;\">B\u00fccher aller Kategorien<\/h4>\n<p style=\"text-align: left;\">Wir ver\u00f6ffentlichen vom Roman bis zum Fachbuch jedes Thema und haben daf\u00fcr 12 verschiedene Programme. Ganz besonders lieben wir Kinderb\u00fccher.<\/p>\n\n\t\t<\/div>\n\t<\/div>\n<style>.vc_btn3-style-gradient-custom.vc_btn-gradient-btn-6a95b2c35bbe3:hover{color: #745521;background-color: #ffc666;border: none;background-position: 100% 0;}<\/style><style>.vc_btn3-style-gradient-custom.vc_btn-gradient-btn-6a95b2c35bbe3{color: #745521;border: none;background-color: #ffa916;background-image: -webkit-linear-gradient(left, #ffa916 0%, #ffc666 50%,#ffa916 100%);background-image: linear-gradient(to right, #ffa916 0%, #ffc666 50%,#ffa916 100%);-webkit-transition: all .2s ease-in-out;transition: all .2s ease-in-out;background-size: 200% 100%;}<\/style><div class=\"vc_btn3-container vc_btn3-left vc_custom_1730476555757 vc_do_btn\" ><a data-vc-gradient-1=\"#ffa916\" data-vc-gradient-2=\"#ffc666\" class=\"vc_general vc_btn3 vc_btn3-size-md vc_btn3-shape-rounded vc_btn3-style-gradient-custom vc_btn-gradient-btn-6a95b2c35bbe3\" href=\"https:\/\/paramon.de\/at\/kinderbuch-verlag\/\" title=\"Kinderbuch-Verlag\">Kinderbuch-Informationen<\/a><\/div><\/div><\/div><\/div><\/div><\/div><div class=\"vc-row-container container\"><div class=\"vc_row wpb_row vc_row-fluid vc_custom_1679741522905\"><div class=\"wpb_column vc_column_container vc_col-sm-12\"><div class=\"vc_column-inner\"><div class=\"wpb_wrapper\">\n\t<div class=\"wpb_text_column wpb_content_element\" >\n\t\t<div class=\"wpb_wrapper\">\n\t\t\t<h2 style=\"text-align: center;\">Es passiert\u00a0<span style=\"color: #a08962;\"><span style=\"caret-color: #a07530;\">viel<\/span><\/span><\/h2>\n<p class=\"secondary\" style=\"text-align: center;\">Was unsere Autorinnen und Autoren mit ihren B\u00fcchern (und uns) erleben<\/p>\n\n\t\t<\/div>\n\t<\/div>\n\n\t<div class=\"wpb_raw_code wpb_raw_html wpb_content_element\" >\n\t\t<div class=\"wpb_wrapper\">\n\t\t\t<style type=\"text\/css\">\n<\/style><div id=\"feed_dynamic_classflcrawufbu_basic\" class=\"fts-instagram-inline-block-centered feed_dynamic_classflcrawufbu_basic\"  data-ftsi-columns=\"3\" data-ftsi-columns-tablet=\"2\" data-ftsi-columns-mobile=\"1\" data-ftsi-force-columns=\"\" data-ftsi-margin=\"1px\" data-ftsi-height=\"\">                                                        <div class=\"slicker-instagram-placeholder fts-instagram-wrapper\" style=\"background-image:url('https:\/\/scontent-fra3-1.cdninstagram.com\/v\/t39.30808-6\/775319813_1642428494559123_6854464442272567695_n.jpg?stp=dst-jpg_e35_tt6&#038;_nc_cat=103&#038;ccb=7-5&#038;_nc_sid=18de74&#038;efg=eyJlZmdfdGFnIjoiQ0FST1VTRUxfSVRFTS5iZXN0X2ltYWdlX3VybGdlbi5DMyJ9&#038;_nc_ohc=XS_XVmCGmD0Q7kNvwHbuRLK&#038;_nc_oc=AdpKdyYGr8LUTSip6VNH3z5XeLKcRr-8lhY52mJLuN6PgABZ7dbisBrJQO1GcMoLDf9DEl52ciW1tPy_en_EUwSn&#038;_nc_zt=23&#038;_nc_ht=scontent-fra3-1.cdninstagram.com&#038;edm=ANQ71j8EAAAA&#038;_nc_gid=OBl_8rnb_7cPmgOnUHpzCw&#038;_nc_tpa=Q5bMBQLST-l7HqAc023d-EjON2rtDcbE7xmMLF0aprEyMytZD03BZ0pqAWAvNRAzhQPEXq62IlgfqBqy&#038;oh=00_AQL9IJQ0_zOzm-ESl9qL1XkAs9JRLUfbfYIIwLYoIbugwA&#038;oe=6A9B5F41')\">\n                                            <a href=\"https:\/\/www.instagram.com\/p\/DcTcJCODpUC\/\" title=\"Manche Menschen nehmen mehr wahr. Sie sp\u00fcren Stimmungen, h\u00f6ren Zwischent\u00f6ne und erleben die Welt intensiver. \ud83d\udc9a\u201eMit dem Herzen sehen\u201c erz\u00e4hlt von unserem Weg durch die Welt der Hochsensibilit\u00e4t \u2013 von Herausforderungen und Zweifeln, aber auch von Erkenntnissen, Mut und wachsendem Vertrauen.Mit dem Herzen sehen \u2013 Unser Weg durch die Welt der Hochsensibilit\u00e4tAutorin Kristina Rarej-Gleispach #MitDemHerzenSehen #Hochsensibilit\u00e4t #HochsensibleKinder #HSP #Feinf\u00fchlig #Elternsein #P\u00e4dagogik #KinderVerstehen #Mutmachbuch #Buchtipp #Buchliebe\" target=\"_blank\" rel=\"noreferrer noopener\" class=\"fts-child-media fts-instagram-link-target fts-slicker-backg                         fts-instagram-img-link\" style=\"height:65px !important; width:65px; line-height:65px; font-size:65px;\"><span class=\"fts-instagram-icon\" style=\"height:65px; width:65px; line-height:65px; font-size:65px;\"><\/span><\/a>\n                                                    <div class=\"fts-carousel-image-wrapper\"><div class=\"fts-carousel-image\" ><\/div><\/div>\n                                                            <a href='' title='Manche Menschen nehmen mehr wahr. Sie sp\u00fcren Stimmungen, h\u00f6ren Zwischent\u00f6ne und erleben die Welt intensiver. \ud83d\udc9a\u201eMit dem Herzen sehen\u201c erz\u00e4hlt von unserem Weg durch die Welt der Hochsensibilit\u00e4t \u2013 von Herausforderungen und Zweifeln, aber auch von Erkenntnissen, Mut und wachsendem Vertrauen.Mit dem Herzen sehen \u2013 Unser Weg durch die Welt der Hochsensibilit\u00e4tAutorin Kristina Rarej-Gleispach #MitDemHerzenSehen #Hochsensibilit\u00e4t #HochsensibleKinder #HSP #Feinf\u00fchlig #Elternsein #P\u00e4dagogik #KinderVerstehen #Mutmachbuch #Buchtipp #Buchliebe' target=\"_blank\" rel=\"noreferrer\" class='fts-child-media fts-child-media-hide fts-instagram-link-target fts-slicker-backg                                                                     fts-instagram-img-link'><\/a>\n                                \n                        <div class='slicker-date'>\n\n                            <div class=\"fts-insta-date-popup-grab\">\n                            21\/08\/2026 @ 13:25                            <\/div>\n                        <\/div>\n                    <div class='slicker-instaG-backg-link'>\n\n                        <div class='slicker-instaG-photoshadow'><\/div>\n                    <\/div>\n                        <div class=\"fts-insta-likes-comments-grab-popup\">\n\n                            <div class=\"fts-share-wrap\"><a href=\"javascript:;\" class=\"ft-gallery-link-popup\" title=\"Social Share Options\"><\/a><div class=\"ft-gallery-share-wrap\"><a href=\"https:\/\/www.facebook.com\/sharer\/sharer.php?u=https:\/\/www.instagram.com\/p\/DcTcJCODpUC\/\" target=\"_blank\" rel=\"noreferrer noopener\" class=\"ft-galleryfacebook-icon\" title=\"Share this post on Facebook\"><i class=\"fa fa-facebook-square\"><\/i><\/a><a href=\"https:\/\/twitter.com\/intent\/tweet?text=https:\/\/www.instagram.com\/p\/DcTcJCODpUC\/+Manche Menschen nehmen mehr wahr. Sie sp\u00fcren Stimmungen, h\u00f6ren Zwischent\u00f6ne und erleben die Welt intensiver. \ud83d\udc9a\u201eMit dem Herzen sehen\u201c erz\u00e4hlt von unserem Weg durch die Welt der Hochsensibilit\u00e4t \u2013 von Herausforderungen und Zweifeln, aber auch von Erkenntnissen, Mut und wachsendem Vertrauen.Mit dem Herzen sehen \u2013 Unser Weg durch die Welt der Hochsensibilit\u00e4tAutorin Kristina Rarej-Gleispach #MitDemHerzenSehen #Hochsensibilit\u00e4t #HochsensibleKinder #HSP #Feinf\u00fchlig #Elternsein #P\u00e4dagogik #KinderVerstehen #Mutmachbuch #Buchtipp #Buchliebe\" target=\"_blank\" rel=\"noreferrer noopener\" class=\"ft-gallerytwitter-icon\" title=\"Share this post on Twitter\"><i class=\"fa fa-twitter\"><\/i><\/a><a href=\"https:\/\/www.linkedin.com\/shareArticle?mini=true&amp;url=https:\/\/www.instagram.com\/p\/DcTcJCODpUC\/\" target=\"_blank\" rel=\"noreferrer noopener\" class=\"ft-gallerylinkedin-icon\" title=\"Share this post on Linkedin\"><i class=\"fa fa-linkedin\"><\/i><\/a><a href=\"mailto:?subject=Shared Link&amp;body=https:\/\/www.instagram.com\/p\/DcTcJCODpUC\/ - Manche Menschen nehmen mehr wahr. Sie sp\u00fcren Stimmungen, h\u00f6ren Zwischent\u00f6ne und erleben die Welt intensiver. \ud83d\udc9a\u201eMit dem Herzen sehen\u201c erz\u00e4hlt von unserem Weg durch die Welt der Hochsensibilit\u00e4t \u2013 von Herausforderungen und Zweifeln, aber auch von Erkenntnissen, Mut und wachsendem Vertrauen.Mit dem Herzen sehen \u2013 Unser Weg durch die Welt der Hochsensibilit\u00e4tAutorin Kristina Rarej-Gleispach #MitDemHerzenSehen #Hochsensibilit\u00e4t #HochsensibleKinder #HSP #Feinf\u00fchlig #Elternsein #P\u00e4dagogik #KinderVerstehen #Mutmachbuch #Buchtipp #Buchliebe\" target=\"_blank\" rel=\"noreferrer\" class=\"ft-galleryemail-icon\" title=\"Share this post in your email\"><i class=\"fa fa-envelope\"><\/i><\/a><\/div><\/div>                        <\/div>\n                <\/div>\n                                                                            <div class=\"slicker-instagram-placeholder fts-instagram-wrapper\" style=\"background-image:url('https:\/\/scontent-fra3-1.cdninstagram.com\/v\/t39.30808-6\/770442177_1634571018678204_6231042271699133464_n.jpg?stp=dst-jpg_e35_tt6&#038;_nc_cat=108&#038;ccb=7-5&#038;_nc_sid=18de74&#038;efg=eyJlZmdfdGFnIjoiRkVFRC5iZXN0X2ltYWdlX3VybGdlbi5DMyJ9&#038;_nc_ohc=2hOPgkffUq0Q7kNvwHsUjMv&#038;_nc_oc=Adpl8qCDkNNHJYHV62kxjQWtFIr27IHh032fhOiEyOhqglv_Z91WQYq3QTuauvrKRtE_Ff3jvHSegPPon-5gFYl4&#038;_nc_zt=23&#038;_nc_ht=scontent-fra3-1.cdninstagram.com&#038;edm=ANQ71j8EAAAA&#038;_nc_gid=kMBc1rnNJcqq-Q_tc_LZWw&#038;_nc_tpa=Q5bMBQKwhhf1i7ECqkMTD0DA8h2L8hrEjhdGy-vk61BzfxVnMzRWXbOws4MBf3wXpJvUDHgjjmvCINO8&#038;oh=00_AQL6vL9rk2VVFhT7tGdaP-OPhshIXMP7HYPWflP8loitZg&#038;oe=6A9B6591')\">\n                                            <a href=\"https:\/\/www.instagram.com\/p\/DcEUMJBiXNz\/\" title=\"Was, wenn die Welt ihr wahres Antlitz erst dann zeigt, wenn man beginnt, an das Unm\u00f6gliche zu glauben?Italien 1487. Die Welt steht am Beginn eines neuen magischen Zeitalters. Salvarina, ein M\u00e4dchen mit au\u00dfergew\u00f6hnlichen Kr\u00e4ften und einem geheimnisvollen Erbe, wird in eine gef\u00e4hrliche Intrige verwickelt, die sie und ihre Gef\u00e4hrten auf eine Reise voller Magie, Verrat und dunkler M\u00e4chte f\u00fchrt. Von der Inquisition als Ketzer verfolgt, m\u00fcssen Sie sich einer finsteren Bedrohung stellen, die die Welt ins Chaos zu st\u00fcrzen droht. Wer ist Salvarina wirklich? Und welche Rolle spielt der mysteri\u00f6se Mantikor? Ein packendes Abenteuer voller Geheimnisse, Magie und dunkler Prophezeiungen.Ein Abenteuer beginnt. Eine Welt voller Geheimnisse \u00f6ffnet sich. Und manche Legenden sind vielleicht mehr als nur Geschichten.\ud83d\udcd6 Salvarina und das L\u00e4cheln des Mantikor\u270d\ufe0f Bernd E. Ochs @epic_morgel #Salvarina #BerndEOchs #Neuerscheinung #Deb\u00fctroman #Fantasy #FantasyRoman #HistorischeFantasy #EpicFantasy #Buchneuerscheinung #Buchtipp #FantasyB\u00fccher #Bookstagram #BookstagramDeutschland #Lesetipp\" target=\"_blank\" rel=\"noreferrer noopener\" class=\"fts-instagram-link-target fts-slicker-backg                         fts-instagram-img-link\" style=\"height:65px !important; width:65px; line-height:65px; font-size:65px;\"><span class=\"fts-instagram-icon\" style=\"height:65px; width:65px; line-height:65px; font-size:65px;\"><\/span><\/a>\n                        \n                        <div class='slicker-date'>\n\n                            <div class=\"fts-insta-date-popup-grab\">\n                            15\/08\/2026 @ 16:27                            <\/div>\n                        <\/div>\n                    <div class='slicker-instaG-backg-link'>\n\n                        <div class='slicker-instaG-photoshadow'><\/div>\n                    <\/div>\n                        <div class=\"fts-insta-likes-comments-grab-popup\">\n\n                            <div class=\"fts-share-wrap\"><a href=\"javascript:;\" class=\"ft-gallery-link-popup\" title=\"Social Share Options\"><\/a><div class=\"ft-gallery-share-wrap\"><a href=\"https:\/\/www.facebook.com\/sharer\/sharer.php?u=https:\/\/www.instagram.com\/p\/DcEUMJBiXNz\/\" target=\"_blank\" rel=\"noreferrer noopener\" class=\"ft-galleryfacebook-icon\" title=\"Share this post on Facebook\"><i class=\"fa fa-facebook-square\"><\/i><\/a><a href=\"https:\/\/twitter.com\/intent\/tweet?text=https:\/\/www.instagram.com\/p\/DcEUMJBiXNz\/+Was, wenn die Welt ihr wahres Antlitz erst dann zeigt, wenn man beginnt, an das Unm\u00f6gliche zu glauben?Italien 1487. Die Welt steht am Beginn eines neuen magischen Zeitalters. Salvarina, ein M\u00e4dchen mit au\u00dfergew\u00f6hnlichen Kr\u00e4ften und einem geheimnisvollen Erbe, wird in eine gef\u00e4hrliche Intrige verwickelt, die sie und ihre Gef\u00e4hrten auf eine Reise voller Magie, Verrat und dunkler M\u00e4chte f\u00fchrt. Von der Inquisition als Ketzer verfolgt, m\u00fcssen Sie sich einer finsteren Bedrohung stellen, die die Welt ins Chaos zu st\u00fcrzen droht. Wer ist Salvarina wirklich? Und welche Rolle spielt der mysteri\u00f6se Mantikor? Ein packendes Abenteuer voller Geheimnisse, Magie und dunkler Prophezeiungen.Ein Abenteuer beginnt. Eine Welt voller Geheimnisse \u00f6ffnet sich. Und manche Legenden sind vielleicht mehr als nur Geschichten.\ud83d\udcd6 Salvarina und das L\u00e4cheln des Mantikor\u270d\ufe0f Bernd E. Ochs @epic_morgel #Salvarina #BerndEOchs #Neuerscheinung #Deb\u00fctroman #Fantasy #FantasyRoman #HistorischeFantasy #EpicFantasy #Buchneuerscheinung #Buchtipp #FantasyB\u00fccher #Bookstagram #BookstagramDeutschland #Lesetipp\" target=\"_blank\" rel=\"noreferrer noopener\" class=\"ft-gallerytwitter-icon\" title=\"Share this post on Twitter\"><i class=\"fa fa-twitter\"><\/i><\/a><a href=\"https:\/\/www.linkedin.com\/shareArticle?mini=true&amp;url=https:\/\/www.instagram.com\/p\/DcEUMJBiXNz\/\" target=\"_blank\" rel=\"noreferrer noopener\" class=\"ft-gallerylinkedin-icon\" title=\"Share this post on Linkedin\"><i class=\"fa fa-linkedin\"><\/i><\/a><a href=\"mailto:?subject=Shared Link&amp;body=https:\/\/www.instagram.com\/p\/DcEUMJBiXNz\/ - Was, wenn die Welt ihr wahres Antlitz erst dann zeigt, wenn man beginnt, an das Unm\u00f6gliche zu glauben?Italien 1487. Die Welt steht am Beginn eines neuen magischen Zeitalters. Salvarina, ein M\u00e4dchen mit au\u00dfergew\u00f6hnlichen Kr\u00e4ften und einem geheimnisvollen Erbe, wird in eine gef\u00e4hrliche Intrige verwickelt, die sie und ihre Gef\u00e4hrten auf eine Reise voller Magie, Verrat und dunkler M\u00e4chte f\u00fchrt. Von der Inquisition als Ketzer verfolgt, m\u00fcssen Sie sich einer finsteren Bedrohung stellen, die die Welt ins Chaos zu st\u00fcrzen droht. Wer ist Salvarina wirklich? Und welche Rolle spielt der mysteri\u00f6se Mantikor? Ein packendes Abenteuer voller Geheimnisse, Magie und dunkler Prophezeiungen.Ein Abenteuer beginnt. Eine Welt voller Geheimnisse \u00f6ffnet sich. Und manche Legenden sind vielleicht mehr als nur Geschichten.\ud83d\udcd6 Salvarina und das L\u00e4cheln des Mantikor\u270d\ufe0f Bernd E. Ochs @epic_morgel #Salvarina #BerndEOchs #Neuerscheinung #Deb\u00fctroman #Fantasy #FantasyRoman #HistorischeFantasy #EpicFantasy #Buchneuerscheinung #Buchtipp #FantasyB\u00fccher #Bookstagram #BookstagramDeutschland #Lesetipp\" target=\"_blank\" rel=\"noreferrer\" class=\"ft-galleryemail-icon\" title=\"Share this post in your email\"><i class=\"fa fa-envelope\"><\/i><\/a><\/div><\/div>                        <\/div>\n                <\/div>\n                                                                            <div class=\"slicker-instagram-placeholder fts-instagram-wrapper\" style=\"background-image:url('https:\/\/scontent-fra5-1.cdninstagram.com\/v\/t39.30808-6\/772521595_1633677588767547_3038211031313113246_n.jpg?stp=dst-jpg_e35_tt6&#038;_nc_cat=102&#038;ccb=7-5&#038;_nc_sid=18de74&#038;efg=eyJlZmdfdGFnIjoiRkVFRC5iZXN0X2ltYWdlX3VybGdlbi5DMyJ9&#038;_nc_ohc=yN7qgbxqv10Q7kNvwFwlPFV&#038;_nc_oc=AdpYSXbU7tQVK_qcB71UxPABLmHlQBVlSeggZGZPf0n7WoAqbZ6lIQ9eVGOzGLVjETm5YIRVpsPazoa9PyYTL810&#038;_nc_zt=23&#038;_nc_ht=scontent-fra5-1.cdninstagram.com&#038;edm=ANQ71j8EAAAA&#038;_nc_gid=lri-fE3RH_UGSy4SyltNKA&#038;_nc_tpa=Q5bMBQJb6-ndBdg-XqZJE_BdQOPoy99G74iRr3iBF0WdeTDqeGGz-ffo8U5DMI5XomSMMbM3zxbavS1L&#038;oh=00_AQJGReOL8wdkbh0reGALMhnGDKoyf-uBF8ny1TZRwOM3Sw&#038;oe=6A9B88DB')\">\n                                            <a href=\"https:\/\/www.instagram.com\/p\/Db-zQQWgaaZ\/\" title=\"Alexander Kleiner f\u00fchrt ein erfolgreiches Leben \u2013 beruflich wie privat. Doch dann lernt er Annegret kennen und beginnt ein gef\u00e4hrliches Spiel aus Leidenschaft, Ausreden und Geheimnissen.W\u00e4hrend er versucht, Ehe und Aff\u00e4re voneinander zu trennen, ahnt er nicht, dass auch Annegret l\u00e4ngst nicht alles von sich preisgegeben hat. Ein Doppelleben, \u00fcberraschende Wendungen \u2013 und die Frage: Wer t\u00e4uscht hier eigentlich wen?\ud83d\udcd6\u201eEin riskantes Doppelleben\u201c von J\u00fcrgen M. Pfeifer \u2013 jetzt neu e#b\u00fccherwelt #Neuerscheinung #EinRiskantesDoppelleben #J\u00fcrgenMPfeifer #Buchtipp #Lesetipp #Roman #NeueB\u00fccher #Buchliebe #Lesen #B\u00fccherwelt\" target=\"_blank\" rel=\"noreferrer noopener\" class=\"fts-instagram-link-target fts-slicker-backg                         fts-instagram-img-link\" style=\"height:65px !important; width:65px; line-height:65px; font-size:65px;\"><span class=\"fts-instagram-icon\" style=\"height:65px; width:65px; line-height:65px; font-size:65px;\"><\/span><\/a>\n                        \n                        <div class='slicker-date'>\n\n                            <div class=\"fts-insta-date-popup-grab\">\n                            13\/08\/2026 @ 13:03                            <\/div>\n                        <\/div>\n                    <div class='slicker-instaG-backg-link'>\n\n                        <div class='slicker-instaG-photoshadow'><\/div>\n                    <\/div>\n                        <div class=\"fts-insta-likes-comments-grab-popup\">\n\n                            <div class=\"fts-share-wrap\"><a href=\"javascript:;\" class=\"ft-gallery-link-popup\" title=\"Social Share Options\"><\/a><div class=\"ft-gallery-share-wrap\"><a href=\"https:\/\/www.facebook.com\/sharer\/sharer.php?u=https:\/\/www.instagram.com\/p\/Db-zQQWgaaZ\/\" target=\"_blank\" rel=\"noreferrer noopener\" class=\"ft-galleryfacebook-icon\" title=\"Share this post on Facebook\"><i class=\"fa fa-facebook-square\"><\/i><\/a><a href=\"https:\/\/twitter.com\/intent\/tweet?text=https:\/\/www.instagram.com\/p\/Db-zQQWgaaZ\/+Alexander Kleiner f\u00fchrt ein erfolgreiches Leben \u2013 beruflich wie privat. Doch dann lernt er Annegret kennen und beginnt ein gef\u00e4hrliches Spiel aus Leidenschaft, Ausreden und Geheimnissen.W\u00e4hrend er versucht, Ehe und Aff\u00e4re voneinander zu trennen, ahnt er nicht, dass auch Annegret l\u00e4ngst nicht alles von sich preisgegeben hat. Ein Doppelleben, \u00fcberraschende Wendungen \u2013 und die Frage: Wer t\u00e4uscht hier eigentlich wen?\ud83d\udcd6\u201eEin riskantes Doppelleben\u201c von J\u00fcrgen M. Pfeifer \u2013 jetzt neu e#b\u00fccherwelt #Neuerscheinung #EinRiskantesDoppelleben #J\u00fcrgenMPfeifer #Buchtipp #Lesetipp #Roman #NeueB\u00fccher #Buchliebe #Lesen #B\u00fccherwelt\" target=\"_blank\" rel=\"noreferrer noopener\" class=\"ft-gallerytwitter-icon\" title=\"Share this post on Twitter\"><i class=\"fa fa-twitter\"><\/i><\/a><a href=\"https:\/\/www.linkedin.com\/shareArticle?mini=true&amp;url=https:\/\/www.instagram.com\/p\/Db-zQQWgaaZ\/\" target=\"_blank\" rel=\"noreferrer noopener\" class=\"ft-gallerylinkedin-icon\" title=\"Share this post on Linkedin\"><i class=\"fa fa-linkedin\"><\/i><\/a><a href=\"mailto:?subject=Shared Link&amp;body=https:\/\/www.instagram.com\/p\/Db-zQQWgaaZ\/ - Alexander Kleiner f\u00fchrt ein erfolgreiches Leben \u2013 beruflich wie privat. Doch dann lernt er Annegret kennen und beginnt ein gef\u00e4hrliches Spiel aus Leidenschaft, Ausreden und Geheimnissen.W\u00e4hrend er versucht, Ehe und Aff\u00e4re voneinander zu trennen, ahnt er nicht, dass auch Annegret l\u00e4ngst nicht alles von sich preisgegeben hat. Ein Doppelleben, \u00fcberraschende Wendungen \u2013 und die Frage: Wer t\u00e4uscht hier eigentlich wen?\ud83d\udcd6\u201eEin riskantes Doppelleben\u201c von J\u00fcrgen M. Pfeifer \u2013 jetzt neu e#b\u00fccherwelt #Neuerscheinung #EinRiskantesDoppelleben #J\u00fcrgenMPfeifer #Buchtipp #Lesetipp #Roman #NeueB\u00fccher #Buchliebe #Lesen #B\u00fccherwelt\" target=\"_blank\" rel=\"noreferrer\" class=\"ft-galleryemail-icon\" title=\"Share this post in your email\"><i class=\"fa fa-envelope\"><\/i><\/a><\/div><\/div>                        <\/div>\n                <\/div>\n                                                                            <div class=\"slicker-instagram-placeholder fts-instagram-wrapper\" style=\"background-image:url('https:\/\/scontent-fra5-2.cdninstagram.com\/v\/t39.30808-6\/765855332_1630855889049717_7110231143461558889_n.jpg?stp=dst-jpg_e35_tt6&#038;_nc_cat=109&#038;ccb=7-5&#038;_nc_sid=18de74&#038;efg=eyJlZmdfdGFnIjoiRkVFRC5iZXN0X2ltYWdlX3VybGdlbi5DMyJ9&#038;_nc_ohc=_2N6sbng1R4Q7kNvwGmjfmT&#038;_nc_oc=Adop6AculA7Pd5XS57ez5FZiE3sjovu-kjt1GlCmj52bgzgPOCw4CFY_BVHbSOV9wX1c2s24-PUw2Lh5cEOox89h&#038;_nc_zt=23&#038;_nc_ht=scontent-fra5-2.cdninstagram.com&#038;edm=ANQ71j8EAAAA&#038;_nc_gid=8DbXToNpG-FgKcJQlF2LZQ&#038;_nc_tpa=Q5bMBQL19YMxu_UhCkz30YaDMrIzvVEwE5RAF4GlgxFiZhAUj76kpLxZYO-skU9hR8xpakx34T6WHzqf&#038;oh=00_AQLuYz8n8xRo1CWWQl4vjxYR4a1xq_MzZWsFRj6EEwqJ5g&#038;oe=6A9B74BC')\">\n                                            <a href=\"https:\/\/www.instagram.com\/p\/DbvT2o9DvMV\/\" title=\"Manchmal sind es gerade die Umwege, die uns zu uns selbst f\u00fchren. \u2728\u2728\u2728Mit \u201eMein Yogaweg auf Umwegen \u2013 Eine Reise durch mein Leben und die R\u00e4ume meines Herzens\u201c ver\u00f6ffentlicht Susanne Fraling von M\u00fcnster ein ber\u00fchrendes Buch \u00fcber Vertrauen, pers\u00f6nliche Entwicklung und die Kraft, dem eigenen Herzen zu folgen.\ud83d\udcd6In ihrer autobiografischen Erz\u00e4hlung nimmt die Autorin die Leserinnen und Leser mit auf eine Reise durch die H\u00f6hen und Tiefen ihres Lebens \u2013 mit dem Wunsch, anderen Mut zu machen und neue Zuversicht zu schenken.\ud83d\udcd6 Ab sofort erh\u00e4ltlich \u2013 \u00fcberall, wo es B\u00fccher gibt.#Neuerscheinung #ParamonVerlag #MeinYogawegAufUmwegen #SusanneFralingVonM\u00fcnster #Buchneuheit #Herzensbuch #Lebensweg #Inspiration #Pers\u00f6nlichkeitsentwicklung #Buchliebe #JetztErh\u00e4ltlich\" target=\"_blank\" rel=\"noreferrer noopener\" class=\"fts-instagram-link-target fts-slicker-backg                         fts-instagram-img-link\" style=\"height:65px !important; width:65px; line-height:65px; font-size:65px;\"><span class=\"fts-instagram-icon\" style=\"height:65px; width:65px; line-height:65px; font-size:65px;\"><\/span><\/a>\n                        \n                        <div class='slicker-date'>\n\n                            <div class=\"fts-insta-date-popup-grab\">\n                            07\/08\/2026 @ 12:40                            <\/div>\n                        <\/div>\n                    <div class='slicker-instaG-backg-link'>\n\n                        <div class='slicker-instaG-photoshadow'><\/div>\n                    <\/div>\n                        <div class=\"fts-insta-likes-comments-grab-popup\">\n\n                            <div class=\"fts-share-wrap\"><a href=\"javascript:;\" class=\"ft-gallery-link-popup\" title=\"Social Share Options\"><\/a><div class=\"ft-gallery-share-wrap\"><a href=\"https:\/\/www.facebook.com\/sharer\/sharer.php?u=https:\/\/www.instagram.com\/p\/DbvT2o9DvMV\/\" target=\"_blank\" rel=\"noreferrer noopener\" class=\"ft-galleryfacebook-icon\" title=\"Share this post on Facebook\"><i class=\"fa fa-facebook-square\"><\/i><\/a><a href=\"https:\/\/twitter.com\/intent\/tweet?text=https:\/\/www.instagram.com\/p\/DbvT2o9DvMV\/+Manchmal sind es gerade die Umwege, die uns zu uns selbst f\u00fchren. \u2728\u2728\u2728Mit \u201eMein Yogaweg auf Umwegen \u2013 Eine Reise durch mein Leben und die R\u00e4ume meines Herzens\u201c ver\u00f6ffentlicht Susanne Fraling von M\u00fcnster ein ber\u00fchrendes Buch \u00fcber Vertrauen, pers\u00f6nliche Entwicklung und die Kraft, dem eigenen Herzen zu folgen.\ud83d\udcd6In ihrer autobiografischen Erz\u00e4hlung nimmt die Autorin die Leserinnen und Leser mit auf eine Reise durch die H\u00f6hen und Tiefen ihres Lebens \u2013 mit dem Wunsch, anderen Mut zu machen und neue Zuversicht zu schenken.\ud83d\udcd6 Ab sofort erh\u00e4ltlich \u2013 \u00fcberall, wo es B\u00fccher gibt.#Neuerscheinung #ParamonVerlag #MeinYogawegAufUmwegen #SusanneFralingVonM\u00fcnster #Buchneuheit #Herzensbuch #Lebensweg #Inspiration #Pers\u00f6nlichkeitsentwicklung #Buchliebe #JetztErh\u00e4ltlich\" target=\"_blank\" rel=\"noreferrer noopener\" class=\"ft-gallerytwitter-icon\" title=\"Share this post on Twitter\"><i class=\"fa fa-twitter\"><\/i><\/a><a href=\"https:\/\/www.linkedin.com\/shareArticle?mini=true&amp;url=https:\/\/www.instagram.com\/p\/DbvT2o9DvMV\/\" target=\"_blank\" rel=\"noreferrer noopener\" class=\"ft-gallerylinkedin-icon\" title=\"Share this post on Linkedin\"><i class=\"fa fa-linkedin\"><\/i><\/a><a href=\"mailto:?subject=Shared Link&amp;body=https:\/\/www.instagram.com\/p\/DbvT2o9DvMV\/ - Manchmal sind es gerade die Umwege, die uns zu uns selbst f\u00fchren. \u2728\u2728\u2728Mit \u201eMein Yogaweg auf Umwegen \u2013 Eine Reise durch mein Leben und die R\u00e4ume meines Herzens\u201c ver\u00f6ffentlicht Susanne Fraling von M\u00fcnster ein ber\u00fchrendes Buch \u00fcber Vertrauen, pers\u00f6nliche Entwicklung und die Kraft, dem eigenen Herzen zu folgen.\ud83d\udcd6In ihrer autobiografischen Erz\u00e4hlung nimmt die Autorin die Leserinnen und Leser mit auf eine Reise durch die H\u00f6hen und Tiefen ihres Lebens \u2013 mit dem Wunsch, anderen Mut zu machen und neue Zuversicht zu schenken.\ud83d\udcd6 Ab sofort erh\u00e4ltlich \u2013 \u00fcberall, wo es B\u00fccher gibt.#Neuerscheinung #ParamonVerlag #MeinYogawegAufUmwegen #SusanneFralingVonM\u00fcnster #Buchneuheit #Herzensbuch #Lebensweg #Inspiration #Pers\u00f6nlichkeitsentwicklung #Buchliebe #JetztErh\u00e4ltlich\" target=\"_blank\" rel=\"noreferrer\" class=\"ft-galleryemail-icon\" title=\"Share this post in your email\"><i class=\"fa fa-envelope\"><\/i><\/a><\/div><\/div>                        <\/div>\n                <\/div>\n                                                                            <div class=\"slicker-instagram-placeholder fts-instagram-wrapper\" style=\"background-image:url('https:\/\/scontent-fra3-1.cdninstagram.com\/v\/t39.30808-6\/759433878_1623881996413773_6431688274255605041_n.jpg?stp=dst-jpg_e35_tt6&#038;_nc_cat=105&#038;ccb=7-5&#038;_nc_sid=18de74&#038;efg=eyJlZmdfdGFnIjoiRkVFRC5iZXN0X2ltYWdlX3VybGdlbi5DMyJ9&#038;_nc_ohc=1Pw_FeTcJjUQ7kNvwE4Q_3x&#038;_nc_oc=AdphLCzENeBS5bFqCFOXuu6lLcwP4h6-6vMelIOovHbFUOrAdb3zlaCDKed4_h1Y8-wCrvxBIE42U_k42ICmcUrE&#038;_nc_zt=23&#038;_nc_ht=scontent-fra3-1.cdninstagram.com&#038;edm=ANQ71j8EAAAA&#038;_nc_gid=LRGU51g57PnlfPwrxbiBCg&#038;_nc_tpa=Q5bMBQIaiUaCBVirBQHFKlf8EAv1U8vxZ3NBBIPDaaOgMsrLyFdOYYU7pgBL4Dkxfn7yENi6He7sgTC4&#038;oh=00_AQIyvoNYTqY3DYzLb9n15_ZkMkDBQ6Gz7FEcmwl3Le3yNQ&#038;oe=6A9B65B9')\">\n                                            <a href=\"https:\/\/www.instagram.com\/p\/DbnSPzsCrZj\/\" title=\"Was bleibt von einem Leben, wenn Erinnerungen verblassen, Gewissheiten zerbrechen und die entscheidenden Fragen erst am Wendepunkt entstehen?&quot;Der erste Gedanke&quot; erz\u00e4hlt von Schuld und Vers\u00f6hnung, von Liebe und Verlust, von der Suche nach Identit\u00e4t und dem Mut, sich der eigenen Geschichte zu stellen. Ein Roman, der philosophische Tiefe mit emotionaler Erz\u00e4hlkraft verbindet und lange nach der letzten Seite nachwirkt.Welcher Gedanke ver\u00e4ndert ein Leben?\ud83d\udcd6 Der erste Gedanke\u270d\ufe0f Michael Worsch#DerErsteGedanke #MichaelWorsch #Roman #Neuerscheinung #Literatur #Buchtipp #Lesen #Philosophie #Erinnerung #Schuld #Identit\u00e4t #Belletristik #B\u00fccherliebe #Bookstagram #Lesenswert\" target=\"_blank\" rel=\"noreferrer noopener\" class=\"fts-instagram-link-target fts-slicker-backg                         fts-instagram-img-link\" style=\"height:65px !important; width:65px; line-height:65px; font-size:65px;\"><span class=\"fts-instagram-icon\" style=\"height:65px; width:65px; line-height:65px; font-size:65px;\"><\/span><\/a>\n                        \n                        <div class='slicker-date'>\n\n                            <div class=\"fts-insta-date-popup-grab\">\n                            04\/08\/2026 @ 9:52                            <\/div>\n                        <\/div>\n                    <div class='slicker-instaG-backg-link'>\n\n                        <div class='slicker-instaG-photoshadow'><\/div>\n                    <\/div>\n                        <div class=\"fts-insta-likes-comments-grab-popup\">\n\n                            <div class=\"fts-share-wrap\"><a href=\"javascript:;\" class=\"ft-gallery-link-popup\" title=\"Social Share Options\"><\/a><div class=\"ft-gallery-share-wrap\"><a href=\"https:\/\/www.facebook.com\/sharer\/sharer.php?u=https:\/\/www.instagram.com\/p\/DbnSPzsCrZj\/\" target=\"_blank\" rel=\"noreferrer noopener\" class=\"ft-galleryfacebook-icon\" title=\"Share this post on Facebook\"><i class=\"fa fa-facebook-square\"><\/i><\/a><a href=\"https:\/\/twitter.com\/intent\/tweet?text=https:\/\/www.instagram.com\/p\/DbnSPzsCrZj\/+Was bleibt von einem Leben, wenn Erinnerungen verblassen, Gewissheiten zerbrechen und die entscheidenden Fragen erst am Wendepunkt entstehen?&quot;Der erste Gedanke&quot; erz\u00e4hlt von Schuld und Vers\u00f6hnung, von Liebe und Verlust, von der Suche nach Identit\u00e4t und dem Mut, sich der eigenen Geschichte zu stellen. Ein Roman, der philosophische Tiefe mit emotionaler Erz\u00e4hlkraft verbindet und lange nach der letzten Seite nachwirkt.Welcher Gedanke ver\u00e4ndert ein Leben?\ud83d\udcd6 Der erste Gedanke\u270d\ufe0f Michael Worsch#DerErsteGedanke #MichaelWorsch #Roman #Neuerscheinung #Literatur #Buchtipp #Lesen #Philosophie #Erinnerung #Schuld #Identit\u00e4t #Belletristik #B\u00fccherliebe #Bookstagram #Lesenswert\" target=\"_blank\" rel=\"noreferrer noopener\" class=\"ft-gallerytwitter-icon\" title=\"Share this post on Twitter\"><i class=\"fa fa-twitter\"><\/i><\/a><a href=\"https:\/\/www.linkedin.com\/shareArticle?mini=true&amp;url=https:\/\/www.instagram.com\/p\/DbnSPzsCrZj\/\" target=\"_blank\" rel=\"noreferrer noopener\" class=\"ft-gallerylinkedin-icon\" title=\"Share this post on Linkedin\"><i class=\"fa fa-linkedin\"><\/i><\/a><a href=\"mailto:?subject=Shared Link&amp;body=https:\/\/www.instagram.com\/p\/DbnSPzsCrZj\/ - Was bleibt von einem Leben, wenn Erinnerungen verblassen, Gewissheiten zerbrechen und die entscheidenden Fragen erst am Wendepunkt entstehen?&quot;Der erste Gedanke&quot; erz\u00e4hlt von Schuld und Vers\u00f6hnung, von Liebe und Verlust, von der Suche nach Identit\u00e4t und dem Mut, sich der eigenen Geschichte zu stellen. Ein Roman, der philosophische Tiefe mit emotionaler Erz\u00e4hlkraft verbindet und lange nach der letzten Seite nachwirkt.Welcher Gedanke ver\u00e4ndert ein Leben?\ud83d\udcd6 Der erste Gedanke\u270d\ufe0f Michael Worsch#DerErsteGedanke #MichaelWorsch #Roman #Neuerscheinung #Literatur #Buchtipp #Lesen #Philosophie #Erinnerung #Schuld #Identit\u00e4t #Belletristik #B\u00fccherliebe #Bookstagram #Lesenswert\" target=\"_blank\" rel=\"noreferrer\" class=\"ft-galleryemail-icon\" title=\"Share this post in your email\"><i class=\"fa fa-envelope\"><\/i><\/a><\/div><\/div>                        <\/div>\n                <\/div>\n                                                                            <div class=\"slicker-instagram-placeholder fts-instagram-wrapper\" style=\"background-image:url('https:\/\/scontent-fra5-1.cdninstagram.com\/v\/t39.30808-6\/759232597_1623010406500932_9080424973111162310_n.jpg?stp=dst-jpg_e35_tt6&#038;_nc_cat=110&#038;ccb=7-5&#038;_nc_sid=18de74&#038;efg=eyJlZmdfdGFnIjoiRkVFRC5iZXN0X2ltYWdlX3VybGdlbi5DMyJ9&#038;_nc_ohc=jOu_8A6bvtAQ7kNvwHvHDNh&#038;_nc_oc=AdrzWZk7ne0BeUoQVD_Mz-cpUvRh2mHspktPC4Jm82dH-7HszV0227zU4spTsUS1rnRTAVHkjN0865NPYOOgxbl6&#038;_nc_zt=23&#038;_nc_ht=scontent-fra5-1.cdninstagram.com&#038;edm=ANQ71j8EAAAA&#038;_nc_gid=U1b7dWzYHVVLhOpBqgRmIg&#038;_nc_tpa=Q5bMBQLGmCfSuQyp9oLgHrdfEQFtgVQFcGGt7iiHWC96h5jj5cYv2RkPYakuAjZajsLuU2R6MrgZ6Vz_&#038;oh=00_AQLhe5Amu_xMNQiF2tbx3DR8nPtd41CJtRxV7ebSQ7G2yw&#038;oe=6A9B6D95')\">\n                                            <a href=\"https:\/\/www.instagram.com\/p\/Dbai5bxjJIy\/\" title=\"Wie weit darf Gerechtigkeit gehen, wenn das Gesetz versagt?Eine Gruppe junger Frauen greift zur Selbsthilfe und schreitet dort ein, wo wehrlose Frauen Opfer m\u00e4nnlicher Gewalt werden. Was als mutiger Widerstand beginnt, entwickelt eine Dynamik, die niemand mehr kontrollieren kann.Mitten in diesem Strudel steht die junge Rechtsanw\u00e4ltin Jessica. Je tiefer sie in die Bewegung hineingezogen wird, desto mehr verschwimmen die Grenzen zwischen Recht, Moral und Rache.Ein packender Thriller \u00fcber Selbstjustiz, Zivilcourage und die Frage, wann aus Opfern T\u00e4ter werden.\ud83d\udcd6 Frauen-Patrouille\u270d\ufe0f G\u00fcnther Sch\u00fctzl\ud83d\uded2 Jetzt im Buchhandel und online erh\u00e4ltlich.#Neuerscheinung #Thriller #Spannung #Buchliebe #Lesetipp #Krimi #Selbstjustiz #B\u00fccher #Bookstagram #GermanThriller #G\u00fcntherSch\u00fctzl #FrauenPatrouille\" target=\"_blank\" rel=\"noreferrer noopener\" class=\"fts-instagram-link-target fts-slicker-backg                         fts-instagram-img-link\" style=\"height:65px !important; width:65px; line-height:65px; font-size:65px;\"><span class=\"fts-instagram-icon\" style=\"height:65px; width:65px; line-height:65px; font-size:65px;\"><\/span><\/a>\n                        \n                        <div class='slicker-date'>\n\n                            <div class=\"fts-insta-date-popup-grab\">\n                            30\/07\/2026 @ 11:07                            <\/div>\n                        <\/div>\n                    <div class='slicker-instaG-backg-link'>\n\n                        <div class='slicker-instaG-photoshadow'><\/div>\n                    <\/div>\n                        <div class=\"fts-insta-likes-comments-grab-popup\">\n\n                            <div class=\"fts-share-wrap\"><a href=\"javascript:;\" class=\"ft-gallery-link-popup\" title=\"Social Share Options\"><\/a><div class=\"ft-gallery-share-wrap\"><a href=\"https:\/\/www.facebook.com\/sharer\/sharer.php?u=https:\/\/www.instagram.com\/p\/Dbai5bxjJIy\/\" target=\"_blank\" rel=\"noreferrer noopener\" class=\"ft-galleryfacebook-icon\" title=\"Share this post on Facebook\"><i class=\"fa fa-facebook-square\"><\/i><\/a><a href=\"https:\/\/twitter.com\/intent\/tweet?text=https:\/\/www.instagram.com\/p\/Dbai5bxjJIy\/+Wie weit darf Gerechtigkeit gehen, wenn das Gesetz versagt?Eine Gruppe junger Frauen greift zur Selbsthilfe und schreitet dort ein, wo wehrlose Frauen Opfer m\u00e4nnlicher Gewalt werden. Was als mutiger Widerstand beginnt, entwickelt eine Dynamik, die niemand mehr kontrollieren kann.Mitten in diesem Strudel steht die junge Rechtsanw\u00e4ltin Jessica. Je tiefer sie in die Bewegung hineingezogen wird, desto mehr verschwimmen die Grenzen zwischen Recht, Moral und Rache.Ein packender Thriller \u00fcber Selbstjustiz, Zivilcourage und die Frage, wann aus Opfern T\u00e4ter werden.\ud83d\udcd6 Frauen-Patrouille\u270d\ufe0f G\u00fcnther Sch\u00fctzl\ud83d\uded2 Jetzt im Buchhandel und online erh\u00e4ltlich.#Neuerscheinung #Thriller #Spannung #Buchliebe #Lesetipp #Krimi #Selbstjustiz #B\u00fccher #Bookstagram #GermanThriller #G\u00fcntherSch\u00fctzl #FrauenPatrouille\" target=\"_blank\" rel=\"noreferrer noopener\" class=\"ft-gallerytwitter-icon\" title=\"Share this post on Twitter\"><i class=\"fa fa-twitter\"><\/i><\/a><a href=\"https:\/\/www.linkedin.com\/shareArticle?mini=true&amp;url=https:\/\/www.instagram.com\/p\/Dbai5bxjJIy\/\" target=\"_blank\" rel=\"noreferrer noopener\" class=\"ft-gallerylinkedin-icon\" title=\"Share this post on Linkedin\"><i class=\"fa fa-linkedin\"><\/i><\/a><a href=\"mailto:?subject=Shared Link&amp;body=https:\/\/www.instagram.com\/p\/Dbai5bxjJIy\/ - Wie weit darf Gerechtigkeit gehen, wenn das Gesetz versagt?Eine Gruppe junger Frauen greift zur Selbsthilfe und schreitet dort ein, wo wehrlose Frauen Opfer m\u00e4nnlicher Gewalt werden. Was als mutiger Widerstand beginnt, entwickelt eine Dynamik, die niemand mehr kontrollieren kann.Mitten in diesem Strudel steht die junge Rechtsanw\u00e4ltin Jessica. Je tiefer sie in die Bewegung hineingezogen wird, desto mehr verschwimmen die Grenzen zwischen Recht, Moral und Rache.Ein packender Thriller \u00fcber Selbstjustiz, Zivilcourage und die Frage, wann aus Opfern T\u00e4ter werden.\ud83d\udcd6 Frauen-Patrouille\u270d\ufe0f G\u00fcnther Sch\u00fctzl\ud83d\uded2 Jetzt im Buchhandel und online erh\u00e4ltlich.#Neuerscheinung #Thriller #Spannung #Buchliebe #Lesetipp #Krimi #Selbstjustiz #B\u00fccher #Bookstagram #GermanThriller #G\u00fcntherSch\u00fctzl #FrauenPatrouille\" target=\"_blank\" rel=\"noreferrer\" class=\"ft-galleryemail-icon\" title=\"Share this post in your email\"><i class=\"fa fa-envelope\"><\/i><\/a><\/div><\/div>                        <\/div>\n                <\/div>\n                    <\/div>                                        <script>\n                    \/\/ This needs to load here below the feed to load properly for\n                    \/\/ Elementor page preview, and also some types of tabs that use js to load.\n                    document.addEventListener(\"DOMContentLoaded\", function(event) {\n                        if (typeof slickremixImageResizing === 'function') {\n                            slickremixImageResizing();\n                        }\n                        if (typeof ftsShare === 'function') {\n                            ftsShare();\n                        }\n                    });\n                <\/script>\n                \n\t\t<\/div>\n\t<\/div>\n<\/div><\/div><\/div><\/div><\/div><div class=\"vc-row-container container parent--paramon-vc-905678\"><div class=\"vc_row wpb_row vc_row-fluid paramon-vc-905678\"><div class=\"wpb_column vc_column_container vc_col-sm-12\"><div class=\"vc_column-inner\"><div class=\"wpb_wrapper\"><div class=\"vc_separator wpb_content_element vc_separator_align_center vc_sep_width_100 vc_sep_pos_align_center vc_separator_no_text vc_sep_color_grey wpb_content_element  wpb_content_element\" ><span class=\"vc_sep_holder vc_sep_holder_l\"><span class=\"vc_sep_line\"><\/span><\/span><span class=\"vc_sep_holder vc_sep_holder_r\"><span class=\"vc_sep_line\"><\/span><\/span>\n<\/div><style>#count-down-wrap-2553 .ult_countdown-amount { font-weight:normal;  font-family : ;\tcolor: ; } #count-down-wrap-2553 .ult_countdown-period{font-weight:normal;\tcolor: ;\tfont-family: ;}<\/style><div \" data-ultimate-target='#count-down-wrap-2553 .ult_countdown-period'  data-responsive-json-new='{\"font-size\":\"desktop:13px;\",\"line-height\":\"\"}' class =\"ult-responsive ult_countdown   ult-cd-no-border ult-cd-s1\"><div id=\"count-down-wrap-2553\"  class=\"ult-responsive ult_countdown-div ult_countdown-dateAndTime ult-wptz\" data-labels=\"Years,Monate,Wochen,Tage,Stunden,Minuten,Seconds\" data-labels2=\"Year,Monat,Woche,Tag,Stunde,Minute,Second\"  data-terminal-date=\"2026\/10\/07 09:00:00\" data-countformat=\"WDH\" data-time-zone=\"0\" data-time-now=\"2026\/08\/31 16:58:43\"  data-tick-col=\"\"   data-ultimate-target='#count-down-wrap-2553 .ult_countdown-amount'  data-responsive-json-new='{\"font-size\":\"desktop:36px;\",\"line-height\":\"\"}'  data-tick-p-col=\"\"  data-tick-style=\"font-weight:normal;\"  data-tick-p-style=\"\"  data-bg-color=\"\" data-br-radius=\"\" data-padd=\"0\" >2026\/10\/07 09:00:00<\/div><\/div>\n\t<div class=\"wpb_text_column wpb_content_element\" >\n\t\t<div class=\"wpb_wrapper\">\n\t\t\t<h4 style=\"text-align: center;\">bis zur <span style=\"color: #a08962;\">Internationalen Buchmesse 2025<\/span>\u00a0Frankfurt\/Main.<\/h4>\n<h5 style=\"text-align: center;\">Wenn Sie dabei sein m\u00f6chten, senden Sie uns jetzt Ihr Manuskript!<\/h5>\n\n\t\t<\/div>\n\t<\/div>\n<div class=\"vc_separator wpb_content_element vc_separator_align_center vc_sep_width_100 vc_sep_pos_align_center vc_separator_no_text vc_sep_color_grey wpb_content_element  wpb_content_element\" ><span class=\"vc_sep_holder vc_sep_holder_l\"><span class=\"vc_sep_line\"><\/span><\/span><span class=\"vc_sep_holder vc_sep_holder_r\"><span class=\"vc_sep_line\"><\/span><\/span>\n<\/div><\/div><\/div><\/div><\/div><\/div><div class=\"vc-row-container container\"><div class=\"vc_row wpb_row vc_row-fluid vc_custom_1679702094348\"><div class=\"wpb_column vc_column_container vc_col-sm-4\"><div class=\"vc_column-inner\"><div class=\"wpb_wrapper\"><\/div><\/div><\/div><div class=\"wpb_column vc_column_container vc_col-sm-4\"><div class=\"vc_column-inner\"><div class=\"wpb_wrapper\">\n\t<div class=\"wpb_text_column wpb_content_element\" >\n\t\t<div class=\"wpb_wrapper\">\n\t\t\t<h2 style=\"text-align: center;\"><span style=\"color: #000000;\">Das <span style=\"color: #a08962;\">leisten<\/span> wir<\/span><\/h2>\n<p class=\"secondary\" style=\"text-align: center;\">Diese Seite sollten Sie sich ansehen: Sie gibt einen guten Eindruck, wie wir Sie als Partner unterst\u00fctzen.<\/p>\n\n\t\t<\/div>\n\t<\/div>\n<style>.vc_btn3-style-gradient-custom.vc_btn-gradient-btn-6a95b2c35f817:hover{color: #745521;background-color: #ffc666;border: none;background-position: 100% 0;}<\/style><style>.vc_btn3-style-gradient-custom.vc_btn-gradient-btn-6a95b2c35f817{color: #745521;border: none;background-color: #ffa916;background-image: -webkit-linear-gradient(left, #ffa916 0%, #ffc666 50%,#ffa916 100%);background-image: linear-gradient(to right, #ffa916 0%, #ffc666 50%,#ffa916 100%);-webkit-transition: all .2s ease-in-out;transition: all .2s ease-in-out;background-size: 200% 100%;}<\/style><div class=\"vc_btn3-container vc_btn3-center vc_do_btn\" ><a data-vc-gradient-1=\"#ffa916\" data-vc-gradient-2=\"#ffc666\" class=\"vc_general vc_btn3 vc_btn3-size-md vc_btn3-shape-rounded vc_btn3-style-gradient-custom vc_btn-gradient-btn-6a95b2c35f817\" href=\"https:\/\/paramon.de\/at\/buch-veroeffentlichen\/\" title=\"Leistungen\">Leistungen<\/a><\/div><\/div><\/div><\/div><div class=\"wpb_column vc_column_container vc_col-sm-4\"><div class=\"vc_column-inner\"><div class=\"wpb_wrapper\">\n\t<div  class=\"wpb_single_image wpb_content_element vc_align_left wpb_content_element\">\n\t\t\n\t\t<figure class=\"wpb_wrapper vc_figure\">\n\t\t\t<div class=\"vc_single_image-wrapper   vc_box_border_grey\"><img loading=\"lazy\" decoding=\"async\" width=\"250\" height=\"200\" src=\"https:\/\/paramon.de\/wp-content\/uploads\/2016\/03\/Self-Publishing-Verlag.jpg\" class=\"vc_single_image-img attachment-medium\" alt=\"Self-Publishing Verlag\" title=\"Self-Publishing Verlag\" \/><\/div>\n\t\t<\/figure>\n\t<\/div>\n<\/div><\/div><\/div><\/div><\/div><div class=\"vc-row-container container\"><div class=\"vc_row wpb_row vc_row-fluid vc_custom_1679937908581\"><div class=\"wpb_column vc_column_container vc_col-sm-12\"><div class=\"vc_column-inner\"><div class=\"wpb_wrapper\"><div class=\"vc_separator wpb_content_element vc_separator_align_center vc_sep_width_100 vc_sep_pos_align_center vc_sep_color_grey wpb_content_element vc_separator-has-text\" ><span class=\"vc_sep_holder vc_sep_holder_l\"><span class=\"vc_sep_line\"><\/span><\/span><h4>Unsere wichtigsten Partner<\/h4><span class=\"vc_sep_holder vc_sep_holder_r\"><span class=\"vc_sep_line\"><\/span><\/span>\n<\/div>\n\t<div  class=\"wpb_single_image wpb_content_element vc_align_center wpb_content_element\">\n\t\t\n\t\t<figure class=\"wpb_wrapper vc_figure\">\n\t\t\t<div class=\"vc_single_image-wrapper   vc_box_border_grey\"><img decoding=\"async\" class=\"vc_single_image-img\" src=\"https:\/\/paramon.de\/wp-content\/uploads\/2024\/10\/Partner-des-Paramon-Verlags-1-950x45.png\" width=\"950\" height=\"45\" alt=\"Partner des Paramon Verlags\" title=\"Partner des Paramon Verlags\" loading=\"lazy\" \/><\/div>\n\t\t<\/figure>\n\t<\/div>\n<\/div><\/div><\/div><\/div><\/div>\n<\/div>","protected":false},"excerpt":{"rendered":"943 Autorinnen &amp; AutorenBine Paulis Buch \u00bbLou\u00ab zu einem der sch\u00f6nsten Kinderb\u00fccher Deutschlands gek\u00fcrtCorinna Meier ver\u00f6ffentlicht 7 B\u00fccher (\u00bbKristallfreunde\u00ab)Japanischer Bestseller \u00bbWarum leben wir\u00ab bei uns nun auch auf DeutschZwei B\u00fccher von R. H. Knigge zum Thema \u00bbMelatonin\u00ab erschienen Der starke Partner an Ihrer Seite. Die Buchexperten vom Paramon-Verlag Gute Autoren m\u00fcssen nicht auch gute Lektoren,&hellip;","protected":false},"author":15,"featured_media":0,"parent":0,"menu_order":0,"comment_status":"closed","ping_status":"closed","template":"","meta":{"_acf_changed":false,"footnotes":""},"class_list":["post-914","page","type-page","status-publish","hentry"],"acf":[],"_links":{"self":[{"href":"https:\/\/paramon.de\/at\/wp-json\/wp\/v2\/pages\/914","targetHints":{"allow":["GET"]}}],"collection":[{"href":"https:\/\/paramon.de\/at\/wp-json\/wp\/v2\/pages"}],"about":[{"href":"https:\/\/paramon.de\/at\/wp-json\/wp\/v2\/types\/page"}],"author":[{"embeddable":true,"href":"https:\/\/paramon.de\/at\/wp-json\/wp\/v2\/users\/15"}],"replies":[{"embeddable":true,"href":"https:\/\/paramon.de\/at\/wp-json\/wp\/v2\/comments?post=914"}],"version-history":[{"count":28,"href":"https:\/\/paramon.de\/at\/wp-json\/wp\/v2\/pages\/914\/revisions"}],"predecessor-version":[{"id":198585,"href":"https:\/\/paramon.de\/at\/wp-json\/wp\/v2\/pages\/914\/revisions\/198585"}],"wp:attachment":[{"href":"https:\/\/paramon.de\/at\/wp-json\/wp\/v2\/media?parent=914"}],"curies":[{"name":"wp","href":"https:\/\/api.w.org\/{rel}","templated":true}]}}